{"id":225,"date":"2013-11-24T19:08:47","date_gmt":"2013-11-24T19:08:47","guid":{"rendered":"http:\/\/www.targowekwspodnicy.pl\/?page_id=225"},"modified":"2018-07-17T17:02:39","modified_gmt":"2018-07-17T15:02:39","slug":"katarzyna-gorska-manczenko","status":"publish","type":"page","link":"https:\/\/targowekwspodnicy.pl\/?page_id=225","title":{"rendered":"Katarzyna G\u00f3rska &#8211; Manczenko"},"content":{"rendered":"<p style=\"text-align: justify;\"><img decoding=\"async\" class=\"alignleft wp-image-2812 size-medium\" src=\"https:\/\/targowekwspodnicy.pl\/wp-content\/uploads\/2013\/11\/Katarzyna_Manczenko-236x300.jpg\" alt=\"\" width=\"236\" height=\"300\" srcset=\"https:\/\/targowekwspodnicy.pl\/wp-content\/uploads\/2013\/11\/Katarzyna_Manczenko-236x300.jpg 236w, https:\/\/targowekwspodnicy.pl\/wp-content\/uploads\/2013\/11\/Katarzyna_Manczenko.jpg 393w\" sizes=\"(max-width: 236px) 100vw, 236px\" \/>Podczas studi\u00f3w aktywnie dzia\u0142a\u0142a w Parlamencie Student\u00f3w, organizacjach studenckich \u2013 Europejskie Forum Student\u00f3w Aegee oraz w organach kolegialnych uczelni. Zosta\u0142a cz\u0142onkiem Rady Student\u00f3w Parlamentu Student\u00f3w Rzeczypospolitej Polskiej. W trakcie kadencji wywalczy\u0142a przywr\u00f3cenie 49 proc. ulgi dla uczni\u00f3w i student\u00f3w na przejazdy komunikacj\u0105 publiczn\u0105, w szczeg\u00f3lno\u015bci kolejow\u0105. By\u0142a sta\u017cyst\u0105 w biurze europos\u0142a Rafa\u0142a Trzaskowskiego, gdzie pozna\u0142a od kuchni instytucje Unii Europejskiej. Od kwietnia 2010 roku jest cz\u0142onkiem Zarz\u0105du Wsp\u00f3lnoty Wyspowa 1, gdzie dba o to, \u017ceby mieszka\u0144com osiedla \u017cy\u0142o si\u0119 jak najlepiej. W latach 2013-2014\u00a0 wiceprzewodnicz\u0105ca i osoba, kt\u00f3ra d\u0105\u017cy\u0142a do powstania Dzielnicowej Komisji Dialogu Spo\u0142ecznego w naszej dzielnicy, w latach 2011 &#8211; 2014 cz\u0142onek Zarz\u0105du Osiedla Zacisze w latach 2013-2014 przewodnicz\u0105ca Zarz\u0105du Osiedla Zacisze. W pa\u017adzierniku 2013 zosta\u0142a wybrana do zespo\u0142u ds. bud\u017cetu partycypacyjnego w dzielnicy Targ\u00f3wek. Dzia\u0142a na rzecz rewitalizacji Targ\u00f3wka Fabrycznego. Zaanga\u017cowa\u0142a si\u0119 w powstanie si\u0142owni plenerowych na nowych osiedlach Zacisza (Wyspowa i Wilno). Od grudnia 2014 Radna Dzielnicy Targ\u00f3wek. Przewodnicz\u0105ca Komisji Bezpiecze\u0144stwa, Zdrowia i Inicjatyw Lokalnych.\u00a0 Dzia\u0142a na rzecz aktywno\u015bci kobiet w naszej dzielnicy. Prywatnie jest od 4 lat szcz\u0119\u015bliw\u0105 \u017con\u0105. Lubi podr\u00f3\u017cowa\u0107, spacerowa\u0107 po g\u00f3rach oraz je\u017adzi\u0107 na rowerze.<br \/>\n<img decoding=\"async\" class=\"ajT\" src=\"https:\/\/ssl.gstatic.com\/ui\/v1\/icons\/mail\/images\/cleardot.gif\" alt=\"\" \/>[kontakt: <a href=\"mailto:info@targowekwspodnicy.pl\" target=\"_blank\" rel=\"noopener\"><strong>info@targowekwspodnicy.pl<\/strong><\/a>]<\/p>\n<p>&nbsp;<\/p>\n","protected":false},"excerpt":{"rendered":"<p>Podczas studi\u00f3w aktywnie dzia\u0142a\u0142a w Parlamencie Student\u00f3w, organizacjach studenckich \u2013 Europejskie Forum Student\u00f3w Aegee oraz w organach kolegialnych uczelni. Zosta\u0142a cz\u0142onkiem Rady Student\u00f3w Parlamentu Student\u00f3w Rzeczypospolitej Polskiej. W trakcie kadencji wywalczy\u0142a przywr\u00f3cenie 49 proc. ulgi dla uczni\u00f3w i student\u00f3w na przejazdy komunikacj\u0105 publiczn\u0105, w szczeg\u00f3lno\u015bci kolejow\u0105. By\u0142a sta\u017cyst\u0105 w biurze europos\u0142a Rafa\u0142a Trzaskowskiego, gdzie pozna\u0142a [&hellip;]<\/p>\n","protected":false},"author":1,"featured_media":0,"parent":0,"menu_order":0,"comment_status":"closed","ping_status":"closed","template":"","meta":{"footnotes":""},"_links":{"self":[{"href":"https:\/\/targowekwspodnicy.pl\/index.php?rest_route=\/wp\/v2\/pages\/225"}],"collection":[{"href":"https:\/\/targowekwspodnicy.pl\/index.php?rest_route=\/wp\/v2\/pages"}],"about":[{"href":"https:\/\/targowekwspodnicy.pl\/index.php?rest_route=\/wp\/v2\/types\/page"}],"author":[{"embeddable":true,"href":"https:\/\/targowekwspodnicy.pl\/index.php?rest_route=\/wp\/v2\/users\/1"}],"replies":[{"embeddable":true,"href":"https:\/\/targowekwspodnicy.pl\/index.php?rest_route=%2Fwp%2Fv2%2Fcomments&post=225"}],"version-history":[{"count":0,"href":"https:\/\/targowekwspodnicy.pl\/index.php?rest_route=\/wp\/v2\/pages\/225\/revisions"}],"wp:attachment":[{"href":"https:\/\/targowekwspodnicy.pl\/index.php?rest_route=%2Fwp%2Fv2%2Fmedia&parent=225"}],"curies":[{"name":"wp","href":"https:\/\/api.w.org\/{rel}","templated":true}]}}